{"id":10708,"date":"2026-09-03T12:50:54","date_gmt":"2026-09-03T10:50:54","guid":{"rendered":"https:\/\/navarrawine.com\/vinos\/blaneo-garnacha\/"},"modified":"2026-09-03T12:59:59","modified_gmt":"2026-09-03T10:59:59","slug":"blaneo-garnacha","status":"publish","type":"vinos","link":"https:\/\/navarrawine.com\/en\/vinos\/blaneo-garnacha\/","title":{"rendered":"Blaneo Garnacha"},"content":{"rendered":"<p>Vendimia seleccionada en el vi\u00f1edo y en la mesa de selecci\u00f3n a su entrada en la bodega.<br \/>\nFermentaci\u00f3n alcoh\u00f3lica durante unos 12 d\u00edas, con trabajo diario de maceraci\u00f3n muy suave pero prolongada hasta el descube. La fermentaci\u00f3n malol\u00e1ctica se hace en las mismas barricas de roble franc\u00e9s en las que seguir\u00e1 una crianza de varios meses.<br \/>\nLas barricas se seleccionan entre las que ya tenemos con uno o dos a\u00f1os de uso, tanto de 225 como de 500 litros.<\/p>","protected":false},"author":78,"featured_media":10707,"template":"","meta":{"_acf_changed":false,"_et_pb_use_builder":"","_et_pb_old_content":"","_et_gb_content_width":""},"bodegas":[],"class_list":["post-10708","vinos","type-vinos","status-publish","has-post-thumbnail","hentry"],"acf":[],"_links":{"self":[{"href":"https:\/\/navarrawine.com\/en\/wp-json\/wp\/v2\/vinos\/10708","targetHints":{"allow":["GET"]}}],"collection":[{"href":"https:\/\/navarrawine.com\/en\/wp-json\/wp\/v2\/vinos"}],"about":[{"href":"https:\/\/navarrawine.com\/en\/wp-json\/wp\/v2\/types\/vinos"}],"author":[{"embeddable":true,"href":"https:\/\/navarrawine.com\/en\/wp-json\/wp\/v2\/users\/78"}],"wp:featuredmedia":[{"embeddable":true,"href":"https:\/\/navarrawine.com\/en\/wp-json\/wp\/v2\/media\/10707"}],"wp:attachment":[{"href":"https:\/\/navarrawine.com\/en\/wp-json\/wp\/v2\/media?parent=10708"}],"wp:term":[{"taxonomy":"bodegas","embeddable":true,"href":"https:\/\/navarrawine.com\/en\/wp-json\/wp\/v2\/bodegas?post=10708"}],"curies":[{"name":"wp","href":"https:\/\/api.w.org\/{rel}","templated":true}]}}