{"id":9798,"date":"2025-11-03T13:44:30","date_gmt":"2025-11-03T12:44:30","guid":{"rendered":"https:\/\/navarrawine.com\/vinos\/dona-isabella-tinto\/"},"modified":"2025-11-03T13:44:30","modified_gmt":"2025-11-03T12:44:30","slug":"dona-isabella-tinto","status":"publish","type":"vinos","link":"https:\/\/navarrawine.com\/de\/vinos\/dona-isabella-tinto\/","title":{"rendered":"Do\u00f1a Isabella Tinto"},"content":{"rendered":"<p>Helle, intensive purpurrote Farbe. In der Nase sind rote Fr\u00fcchte gut integriert mit eleganten Kaffeenoten. Verf\u00fchrerischer Einstieg am Gaumen mit delikaten Tanninen, die F\u00fclle und Subtilit\u00e4t vereinen und f\u00fcr elegantes Volumen sorgen. Der Gaumen zeigt<br \/>\nSchwache Ankl\u00e4nge von S\u00fc\u00dfe und leichte blumige Nuancen.<\/p>","protected":false},"author":39,"featured_media":9797,"template":"","meta":{"_acf_changed":false,"_et_pb_use_builder":"","_et_pb_old_content":"","_et_gb_content_width":""},"bodegas":[],"class_list":["post-9798","vinos","type-vinos","status-publish","has-post-thumbnail","hentry"],"acf":[],"_links":{"self":[{"href":"https:\/\/navarrawine.com\/de\/wp-json\/wp\/v2\/vinos\/9798","targetHints":{"allow":["GET"]}}],"collection":[{"href":"https:\/\/navarrawine.com\/de\/wp-json\/wp\/v2\/vinos"}],"about":[{"href":"https:\/\/navarrawine.com\/de\/wp-json\/wp\/v2\/types\/vinos"}],"author":[{"embeddable":true,"href":"https:\/\/navarrawine.com\/de\/wp-json\/wp\/v2\/users\/39"}],"wp:featuredmedia":[{"embeddable":true,"href":"https:\/\/navarrawine.com\/de\/wp-json\/wp\/v2\/media\/9797"}],"wp:attachment":[{"href":"https:\/\/navarrawine.com\/de\/wp-json\/wp\/v2\/media?parent=9798"}],"wp:term":[{"taxonomy":"bodegas","embeddable":true,"href":"https:\/\/navarrawine.com\/de\/wp-json\/wp\/v2\/bodegas?post=9798"}],"curies":[{"name":"wp","href":"https:\/\/api.w.org\/{rel}","templated":true}]}}