{"id":9651,"date":"2025-10-21T13:40:35","date_gmt":"2025-10-21T11:40:35","guid":{"rendered":"https:\/\/navarrawine.com\/vinos\/palacio-de-sada-garnacha\/"},"modified":"2025-10-21T15:10:59","modified_gmt":"2025-10-21T13:10:59","slug":"palacio-de-sada-garnacha","status":"publish","type":"vinos","link":"https:\/\/navarrawine.com\/de\/vinos\/palacio-de-sada-garnacha\/","title":{"rendered":"PALACIO DE SADA GARNACHA"},"content":{"rendered":"<p>Dieser Wein entsteht aus der sorgf\u00e4ltigen Auswahl von Trauben aus den Garnacha-Weinbergen in k\u00fchlem Klima aufgrund der N\u00e4he zu den Pyren\u00e4en.<br \/>\nDie G\u00e4rung erfolgte mit autochthonen Hefen in Betontanks, danach verblieb er in Eichenf\u00e4ssern, um den Wein zu verfeinern und die charakteristischen Aromen der Garnacha zu erhalten. In der Nase fruchtig, s\u00fc\u00df und elegant, am Gaumen frisch, mit einem Hauch von S\u00fc\u00dfe, blauen Blumen und Veilchenbonbons. <\/p>","protected":false},"author":20,"featured_media":9656,"template":"","meta":{"_acf_changed":false,"_et_pb_use_builder":"","_et_pb_old_content":"","_et_gb_content_width":""},"bodegas":[],"class_list":["post-9651","vinos","type-vinos","status-publish","has-post-thumbnail","hentry"],"acf":[],"_links":{"self":[{"href":"https:\/\/navarrawine.com\/de\/wp-json\/wp\/v2\/vinos\/9651","targetHints":{"allow":["GET"]}}],"collection":[{"href":"https:\/\/navarrawine.com\/de\/wp-json\/wp\/v2\/vinos"}],"about":[{"href":"https:\/\/navarrawine.com\/de\/wp-json\/wp\/v2\/types\/vinos"}],"author":[{"embeddable":true,"href":"https:\/\/navarrawine.com\/de\/wp-json\/wp\/v2\/users\/20"}],"wp:featuredmedia":[{"embeddable":true,"href":"https:\/\/navarrawine.com\/de\/wp-json\/wp\/v2\/media\/9656"}],"wp:attachment":[{"href":"https:\/\/navarrawine.com\/de\/wp-json\/wp\/v2\/media?parent=9651"}],"wp:term":[{"taxonomy":"bodegas","embeddable":true,"href":"https:\/\/navarrawine.com\/de\/wp-json\/wp\/v2\/bodegas?post=9651"}],"curies":[{"name":"wp","href":"https:\/\/api.w.org\/{rel}","templated":true}]}}