{"id":9462,"date":"2025-10-02T10:05:23","date_gmt":"2025-10-02T08:05:23","guid":{"rendered":"https:\/\/navarrawine.com\/vinos\/vina-parot-gran-cuvee\/"},"modified":"2025-10-02T10:05:23","modified_gmt":"2025-10-02T08:05:23","slug":"vina-parot-gran-cuvee","status":"publish","type":"vinos","link":"https:\/\/navarrawine.com\/de\/vinos\/vina-parot-gran-cuvee\/","title":{"rendered":"Vi\u00f1a Parot Gran Cuv\u00e9e"},"content":{"rendered":"<p>Dieser Jahrgang wurde nummeriert und in 10.000 Flaschen abgef\u00fcllt, die die Exklusivit\u00e4t und Qualit\u00e4t gro\u00dfer Weine besitzen.<\/p>\n<p>Seine dominante Farbe weist die Merkmale eines reifen Cabernets auf, seine Aromen zeugen von der Zeit, die er in Eichenf\u00e4ssern verbracht hat, und sein Bouquet zeichnet sich durch die F\u00fclle und Konsistenz eines lagerf\u00e4higen Weines aus.<\/p>","protected":false},"author":43,"featured_media":9461,"template":"","meta":{"_acf_changed":false,"_et_pb_use_builder":"","_et_pb_old_content":"","_et_gb_content_width":""},"bodegas":[],"class_list":["post-9462","vinos","type-vinos","status-publish","has-post-thumbnail","hentry"],"acf":[],"_links":{"self":[{"href":"https:\/\/navarrawine.com\/de\/wp-json\/wp\/v2\/vinos\/9462","targetHints":{"allow":["GET"]}}],"collection":[{"href":"https:\/\/navarrawine.com\/de\/wp-json\/wp\/v2\/vinos"}],"about":[{"href":"https:\/\/navarrawine.com\/de\/wp-json\/wp\/v2\/types\/vinos"}],"author":[{"embeddable":true,"href":"https:\/\/navarrawine.com\/de\/wp-json\/wp\/v2\/users\/43"}],"wp:featuredmedia":[{"embeddable":true,"href":"https:\/\/navarrawine.com\/de\/wp-json\/wp\/v2\/media\/9461"}],"wp:attachment":[{"href":"https:\/\/navarrawine.com\/de\/wp-json\/wp\/v2\/media?parent=9462"}],"wp:term":[{"taxonomy":"bodegas","embeddable":true,"href":"https:\/\/navarrawine.com\/de\/wp-json\/wp\/v2\/bodegas?post=9462"}],"curies":[{"name":"wp","href":"https:\/\/api.w.org\/{rel}","templated":true}]}}