{"id":9440,"date":"2025-10-01T16:07:51","date_gmt":"2025-10-01T14:07:51","guid":{"rendered":"https:\/\/navarrawine.com\/vinos\/marques-de-valcarlos-reserva\/"},"modified":"2025-10-01T16:07:51","modified_gmt":"2025-10-01T14:07:51","slug":"marques-de-valcarlos-reserva","status":"publish","type":"vinos","link":"https:\/\/navarrawine.com\/de\/vinos\/marques-de-valcarlos-reserva\/","title":{"rendered":"Marqu\u00e9s de Valcarlos Reserva"},"content":{"rendered":"<p>Sauber, brillant. Mittelhohe bis hohe Schicht. Granatrote Farbe mit ziegelroten T\u00f6nen am Rand. In der Nase, intensiv, komplex. Erste Wahrnehmung von reifer Frucht, Kompott. Die folgenden Aromen, die erscheinen, sind w\u00fcrzig, Zeder, Zigarrenkiste, Tabak hell, trockenes Gras. Balsamisch.<\/p>\n<p>Im Mund, angenehmer Schluck im Mund. Warm, gut integrierte Tannine. Rund. Sehr gut integrierte S\u00e4ure. Langes Finale. Die s\u00fc\u00dfe Empfindung und die Erinnerungen an ger\u00f6stete Haselnuss bleiben bestehen.<\/p>","protected":false},"author":53,"featured_media":9439,"template":"","meta":{"_acf_changed":false,"_et_pb_use_builder":"","_et_pb_old_content":"","_et_gb_content_width":""},"bodegas":[],"class_list":["post-9440","vinos","type-vinos","status-publish","has-post-thumbnail","hentry"],"acf":[],"_links":{"self":[{"href":"https:\/\/navarrawine.com\/de\/wp-json\/wp\/v2\/vinos\/9440","targetHints":{"allow":["GET"]}}],"collection":[{"href":"https:\/\/navarrawine.com\/de\/wp-json\/wp\/v2\/vinos"}],"about":[{"href":"https:\/\/navarrawine.com\/de\/wp-json\/wp\/v2\/types\/vinos"}],"author":[{"embeddable":true,"href":"https:\/\/navarrawine.com\/de\/wp-json\/wp\/v2\/users\/53"}],"wp:featuredmedia":[{"embeddable":true,"href":"https:\/\/navarrawine.com\/de\/wp-json\/wp\/v2\/media\/9439"}],"wp:attachment":[{"href":"https:\/\/navarrawine.com\/de\/wp-json\/wp\/v2\/media?parent=9440"}],"wp:term":[{"taxonomy":"bodegas","embeddable":true,"href":"https:\/\/navarrawine.com\/de\/wp-json\/wp\/v2\/bodegas?post=9440"}],"curies":[{"name":"wp","href":"https:\/\/api.w.org\/{rel}","templated":true}]}}