{"id":9404,"date":"2025-10-01T14:51:47","date_gmt":"2025-10-01T12:51:47","guid":{"rendered":"https:\/\/navarrawine.com\/vinos\/60-noches\/"},"modified":"2025-10-01T14:51:47","modified_gmt":"2025-10-01T12:51:47","slug":"60-noches","status":"publish","type":"vinos","link":"https:\/\/navarrawine.com\/de\/vinos\/60-noches\/","title":{"rendered":"60 N\u00e4chte"},"content":{"rendered":"<p>Sch\u00f6ne blasse Farbe mit goldenen Reflexen, sauber und hell. Ausdrucksstark und intensiv in der Nase. Ausgepr\u00e4gter Sortencharakter, Noten von tropischen Fr\u00fcchten und Zitrusfr\u00fcchten. Die Eiche scheint den Wein perfekt zu erg\u00e4nzen. Feine R\u00f6stnoten, leichte Vanille und cremige Noten. Am Gaumen geschmeidig und geschmacksintensiv. Ausgezeichneter S\u00e4uregehalt. Langer und anhaltender Abgang.<\/p>\n<p>G\u00e4rung in franz\u00f6sischer Eiche f\u00fcr 2 Monate.<\/p>","protected":false},"author":43,"featured_media":9403,"template":"","meta":{"_acf_changed":false,"_et_pb_use_builder":"","_et_pb_old_content":"","_et_gb_content_width":""},"bodegas":[],"class_list":["post-9404","vinos","type-vinos","status-publish","has-post-thumbnail","hentry"],"acf":[],"_links":{"self":[{"href":"https:\/\/navarrawine.com\/de\/wp-json\/wp\/v2\/vinos\/9404","targetHints":{"allow":["GET"]}}],"collection":[{"href":"https:\/\/navarrawine.com\/de\/wp-json\/wp\/v2\/vinos"}],"about":[{"href":"https:\/\/navarrawine.com\/de\/wp-json\/wp\/v2\/types\/vinos"}],"author":[{"embeddable":true,"href":"https:\/\/navarrawine.com\/de\/wp-json\/wp\/v2\/users\/43"}],"wp:featuredmedia":[{"embeddable":true,"href":"https:\/\/navarrawine.com\/de\/wp-json\/wp\/v2\/media\/9403"}],"wp:attachment":[{"href":"https:\/\/navarrawine.com\/de\/wp-json\/wp\/v2\/media?parent=9404"}],"wp:term":[{"taxonomy":"bodegas","embeddable":true,"href":"https:\/\/navarrawine.com\/de\/wp-json\/wp\/v2\/bodegas?post=9404"}],"curies":[{"name":"wp","href":"https:\/\/api.w.org\/{rel}","templated":true}]}}