{"id":9274,"date":"2025-09-23T12:37:25","date_gmt":"2025-09-23T10:37:25","guid":{"rendered":"https:\/\/navarrawine.com\/vinos\/la-matacalva\/"},"modified":"2025-09-23T12:37:25","modified_gmt":"2025-09-23T10:37:25","slug":"la-matacalva","status":"publish","type":"vinos","link":"https:\/\/navarrawine.com\/de\/vinos\/la-matacalva\/","title":{"rendered":"Die Matacalva"},"content":{"rendered":"<p>Subtiles, elegantes und sanftes Aroma; florale Noten von Veilchen, roten Fr\u00fcchten (Himbeere, Erdbeere \u2026) und einem Hintergrund aus Kr\u00e4utern. Sehr sortentypisch. Am Gaumen hat er einen \u00fcberwiegend frischen Charakter, gute S\u00e4ure, Finesse und einen leichten Abgang. Immer gepr\u00e4gt von der Fruchtigkeit und dem s\u00fc\u00dfen Tannine der Garnacha.<\/p>","protected":false},"author":52,"featured_media":9273,"template":"","meta":{"_acf_changed":false,"_et_pb_use_builder":"","_et_pb_old_content":"","_et_gb_content_width":""},"bodegas":[],"class_list":["post-9274","vinos","type-vinos","status-publish","has-post-thumbnail","hentry"],"acf":[],"_links":{"self":[{"href":"https:\/\/navarrawine.com\/de\/wp-json\/wp\/v2\/vinos\/9274","targetHints":{"allow":["GET"]}}],"collection":[{"href":"https:\/\/navarrawine.com\/de\/wp-json\/wp\/v2\/vinos"}],"about":[{"href":"https:\/\/navarrawine.com\/de\/wp-json\/wp\/v2\/types\/vinos"}],"author":[{"embeddable":true,"href":"https:\/\/navarrawine.com\/de\/wp-json\/wp\/v2\/users\/52"}],"wp:featuredmedia":[{"embeddable":true,"href":"https:\/\/navarrawine.com\/de\/wp-json\/wp\/v2\/media\/9273"}],"wp:attachment":[{"href":"https:\/\/navarrawine.com\/de\/wp-json\/wp\/v2\/media?parent=9274"}],"wp:term":[{"taxonomy":"bodegas","embeddable":true,"href":"https:\/\/navarrawine.com\/de\/wp-json\/wp\/v2\/bodegas?post=9274"}],"curies":[{"name":"wp","href":"https:\/\/api.w.org\/{rel}","templated":true}]}}