{"id":9270,"date":"2025-09-23T12:33:02","date_gmt":"2025-09-23T10:33:02","guid":{"rendered":"https:\/\/navarrawine.com\/vinos\/la-calma-magica-blanco\/"},"modified":"2025-09-23T12:33:02","modified_gmt":"2025-09-23T10:33:02","slug":"la-calma-magica-blanco","status":"publish","type":"vinos","link":"https:\/\/navarrawine.com\/de\/vinos\/la-calma-magica-blanco\/","title":{"rendered":"Das magische ruhige Wei\u00df"},"content":{"rendered":"<p>Sauberer und heller Wein, intensives Strohgelb mit leicht lindgr\u00fcnen T\u00f6nen und goldenen Reflexen. Intensives Aroma, komplex, mineralisch, mit Noten von wei\u00dfem Fruchtkompott und subtilen Ankl\u00e4ngen von feuchter Erde, Feuerstein, Kr\u00e4utern, Honig... Frischer und strukturierter Wein, mit langem Abgang und einem fettigen Gef\u00fchl, das von der Hefe stammt.<\/p>","protected":false},"author":52,"featured_media":9269,"template":"","meta":{"_acf_changed":false,"_et_pb_use_builder":"","_et_pb_old_content":"","_et_gb_content_width":""},"bodegas":[],"class_list":["post-9270","vinos","type-vinos","status-publish","has-post-thumbnail","hentry"],"acf":[],"_links":{"self":[{"href":"https:\/\/navarrawine.com\/de\/wp-json\/wp\/v2\/vinos\/9270","targetHints":{"allow":["GET"]}}],"collection":[{"href":"https:\/\/navarrawine.com\/de\/wp-json\/wp\/v2\/vinos"}],"about":[{"href":"https:\/\/navarrawine.com\/de\/wp-json\/wp\/v2\/types\/vinos"}],"author":[{"embeddable":true,"href":"https:\/\/navarrawine.com\/de\/wp-json\/wp\/v2\/users\/52"}],"wp:featuredmedia":[{"embeddable":true,"href":"https:\/\/navarrawine.com\/de\/wp-json\/wp\/v2\/media\/9269"}],"wp:attachment":[{"href":"https:\/\/navarrawine.com\/de\/wp-json\/wp\/v2\/media?parent=9270"}],"wp:term":[{"taxonomy":"bodegas","embeddable":true,"href":"https:\/\/navarrawine.com\/de\/wp-json\/wp\/v2\/bodegas?post=9270"}],"curies":[{"name":"wp","href":"https:\/\/api.w.org\/{rel}","templated":true}]}}