{"id":9203,"date":"2025-09-23T09:50:37","date_gmt":"2025-09-23T07:50:37","guid":{"rendered":"https:\/\/navarrawine.com\/vinos\/homenaje-blanco-d-o-navarra\/"},"modified":"2025-10-14T09:33:36","modified_gmt":"2025-10-14T07:33:36","slug":"homenaje-blanco-d-o-navarra","status":"publish","type":"vinos","link":"https:\/\/navarrawine.com\/de\/vinos\/homenaje-blanco-d-o-navarra\/","title":{"rendered":"Homenaje Blanco D.O. Navarra"},"content":{"rendered":"<p>Er hat eine sch\u00f6ne, helle, blassgelbe Farbe mit gr\u00fcnlichen Reflexen. Die Nase ist intensiv, aber nicht \u00fcberw\u00e4ltigend, mit einer Vielzahl von Aromen, die von tropischen Fr\u00fcchten wie Litschi und Ananas, reifen wei\u00dfen Fr\u00fcchten, Zitrusfr\u00fcchten und Grapefruit bis hin zu feinen pflanzlichen Noten reichen, die an Buchsbaum erinnern.<\/p>","protected":false},"author":45,"featured_media":9210,"template":"","meta":{"_acf_changed":false,"_et_pb_use_builder":"","_et_pb_old_content":"","_et_gb_content_width":""},"bodegas":[],"class_list":["post-9203","vinos","type-vinos","status-publish","has-post-thumbnail","hentry"],"acf":[],"_links":{"self":[{"href":"https:\/\/navarrawine.com\/de\/wp-json\/wp\/v2\/vinos\/9203","targetHints":{"allow":["GET"]}}],"collection":[{"href":"https:\/\/navarrawine.com\/de\/wp-json\/wp\/v2\/vinos"}],"about":[{"href":"https:\/\/navarrawine.com\/de\/wp-json\/wp\/v2\/types\/vinos"}],"author":[{"embeddable":true,"href":"https:\/\/navarrawine.com\/de\/wp-json\/wp\/v2\/users\/45"}],"wp:featuredmedia":[{"embeddable":true,"href":"https:\/\/navarrawine.com\/de\/wp-json\/wp\/v2\/media\/9210"}],"wp:attachment":[{"href":"https:\/\/navarrawine.com\/de\/wp-json\/wp\/v2\/media?parent=9203"}],"wp:term":[{"taxonomy":"bodegas","embeddable":true,"href":"https:\/\/navarrawine.com\/de\/wp-json\/wp\/v2\/bodegas?post=9203"}],"curies":[{"name":"wp","href":"https:\/\/api.w.org\/{rel}","templated":true}]}}