{"id":8960,"date":"2025-09-10T14:07:51","date_gmt":"2025-09-10T12:07:51","guid":{"rendered":"https:\/\/navarrawine.com\/vinos\/inurrieta-intacta-semidulce\/"},"modified":"2025-10-03T14:33:44","modified_gmt":"2025-10-03T12:33:44","slug":"inurrieta-intacta-semidulce","status":"publish","type":"vinos","link":"https:\/\/navarrawine.com\/de\/vinos\/inurrieta-intacta-semidulce\/","title":{"rendered":"Inurrieta Intact halbs\u00fc\u00df"},"content":{"rendered":"<p>Emotionen zum Genie\u00dfen...<br \/>\nEin heller, gr\u00fcnlich-gelber Wei\u00dfwein.  Sehr aromatisch und mit einem Hauch von S\u00fc\u00dfe, die durch einen angemessenen S\u00e4uregehalt und eine subtile nat\u00fcrliche Kohlens\u00e4ure kompensiert wird, was Intacta zu einem ausgewogenen Wein macht, der \u00fcberhaupt nicht s\u00fc\u00dflich ist.  Er ist erfrischend und unterhaltsam f\u00fcr jede Gelegenheit. <\/p>","protected":false},"author":23,"featured_media":9477,"template":"","meta":{"_acf_changed":false,"_et_pb_use_builder":"","_et_pb_old_content":"","_et_gb_content_width":""},"bodegas":[],"class_list":["post-8960","vinos","type-vinos","status-publish","has-post-thumbnail","hentry"],"acf":[],"_links":{"self":[{"href":"https:\/\/navarrawine.com\/de\/wp-json\/wp\/v2\/vinos\/8960","targetHints":{"allow":["GET"]}}],"collection":[{"href":"https:\/\/navarrawine.com\/de\/wp-json\/wp\/v2\/vinos"}],"about":[{"href":"https:\/\/navarrawine.com\/de\/wp-json\/wp\/v2\/types\/vinos"}],"author":[{"embeddable":true,"href":"https:\/\/navarrawine.com\/de\/wp-json\/wp\/v2\/users\/23"}],"wp:featuredmedia":[{"embeddable":true,"href":"https:\/\/navarrawine.com\/de\/wp-json\/wp\/v2\/media\/9477"}],"wp:attachment":[{"href":"https:\/\/navarrawine.com\/de\/wp-json\/wp\/v2\/media?parent=8960"}],"wp:term":[{"taxonomy":"bodegas","embeddable":true,"href":"https:\/\/navarrawine.com\/de\/wp-json\/wp\/v2\/bodegas?post=8960"}],"curies":[{"name":"wp","href":"https:\/\/api.w.org\/{rel}","templated":true}]}}