{"id":8735,"date":"2025-08-18T16:23:54","date_gmt":"2025-08-18T14:23:54","guid":{"rendered":"https:\/\/navarrawine.com\/vinos\/mil-gracias\/"},"modified":"2025-09-10T17:35:08","modified_gmt":"2025-09-10T15:35:08","slug":"mil-gracias","status":"publish","type":"vinos","link":"https:\/\/navarrawine.com\/de\/vinos\/mil-gracias\/","title":{"rendered":"Vielen Dank f\u00fcr Ihre Aufmerksamkeit."},"content":{"rendered":"<p>Die Libellen \u00fcberfliegen h\u00e4ufig unseren Graciano- Weinberg und erinnern uns mit ihren Fl\u00fcgeln, die aus unendlich vielen F\u00e4den vielfarbigen Lichts gewebt sind, an die intime und grundlegende Verbindung, die wir mit der NATUR teilen. Vielen Dank daf\u00fcr.<\/p>","protected":false},"author":48,"featured_media":8985,"template":"","meta":{"_acf_changed":false,"_et_pb_use_builder":"","_et_pb_old_content":"","_et_gb_content_width":""},"bodegas":[],"class_list":["post-8735","vinos","type-vinos","status-publish","has-post-thumbnail","hentry"],"acf":[],"_links":{"self":[{"href":"https:\/\/navarrawine.com\/de\/wp-json\/wp\/v2\/vinos\/8735","targetHints":{"allow":["GET"]}}],"collection":[{"href":"https:\/\/navarrawine.com\/de\/wp-json\/wp\/v2\/vinos"}],"about":[{"href":"https:\/\/navarrawine.com\/de\/wp-json\/wp\/v2\/types\/vinos"}],"author":[{"embeddable":true,"href":"https:\/\/navarrawine.com\/de\/wp-json\/wp\/v2\/users\/48"}],"wp:featuredmedia":[{"embeddable":true,"href":"https:\/\/navarrawine.com\/de\/wp-json\/wp\/v2\/media\/8985"}],"wp:attachment":[{"href":"https:\/\/navarrawine.com\/de\/wp-json\/wp\/v2\/media?parent=8735"}],"wp:term":[{"taxonomy":"bodegas","embeddable":true,"href":"https:\/\/navarrawine.com\/de\/wp-json\/wp\/v2\/bodegas?post=8735"}],"curies":[{"name":"wp","href":"https:\/\/api.w.org\/{rel}","templated":true}]}}